{"version":"1.0","provider_name":"Sergio Lapegue","provider_url":"https:\/\/sergiolapegue.com\/site","author_name":"Daniel E. Monta\u00f1a","author_url":"https:\/\/sergiolapegue.com\/site\/author\/daniel\/","title":"\u201cLA NOCHE DEL 16 DE ENERO\u201d - Sergio Lapegue","type":"rich","width":600,"height":338,"html":"<blockquote class=\"wp-embedded-content\" data-secret=\"YnZDRoBROC\"><a href=\"https:\/\/sergiolapegue.com\/site\/2025\/04\/02\/la-noche-del-16-de-enero-3\/\">\u201cLA NOCHE DEL 16 DE ENERO\u201d<\/a><\/blockquote><iframe sandbox=\"allow-scripts\" security=\"restricted\" src=\"https:\/\/sergiolapegue.com\/site\/2025\/04\/02\/la-noche-del-16-de-enero-3\/embed\/#?secret=YnZDRoBROC\" width=\"600\" height=\"338\" title=\"&#8220;\u201cLA NOCHE DEL 16 DE ENERO\u201d&#8221; &#8212; Sergio Lapegue\" data-secret=\"YnZDRoBROC\" frameborder=\"0\" marginwidth=\"0\" marginheight=\"0\" scrolling=\"no\" class=\"wp-embedded-content\"><\/iframe><script type=\"text\/javascript\">\n\/* <![CDATA[ *\/\n\/*! This file is auto-generated *\/\n!function(d,l){\"use strict\";l.querySelector&&d.addEventListener&&\"undefined\"!=typeof URL&&(d.wp=d.wp||{},d.wp.receiveEmbedMessage||(d.wp.receiveEmbedMessage=function(e){var t=e.data;if((t||t.secret||t.message||t.value)&&!\/[^a-zA-Z0-9]\/.test(t.secret)){for(var s,r,n,a=l.querySelectorAll('iframe[data-secret=\"'+t.secret+'\"]'),o=l.querySelectorAll('blockquote[data-secret=\"'+t.secret+'\"]'),c=new RegExp(\"^https?:$\",\"i\"),i=0;i<o.length;i++)o[i].style.display=\"none\";for(i=0;i<a.length;i++)s=a[i],e.source===s.contentWindow&&(s.removeAttribute(\"style\"),\"height\"===t.message?(1e3<(r=parseInt(t.value,10))?r=1e3:~~r<200&&(r=200),s.height=r):\"link\"===t.message&&(r=new URL(s.getAttribute(\"src\")),n=new URL(t.value),c.test(n.protocol))&&n.host===r.host&&l.activeElement===s&&(d.top.location.href=t.value))}},d.addEventListener(\"message\",d.wp.receiveEmbedMessage,!1),l.addEventListener(\"DOMContentLoaded\",function(){for(var e,t,s=l.querySelectorAll(\"iframe.wp-embedded-content\"),r=0;r<s.length;r++)(t=(e=s[r]).getAttribute(\"data-secret\"))||(t=Math.random().toString(36).substring(2,12),e.src+=\"#?secret=\"+t,e.setAttribute(\"data-secret\",t)),e.contentWindow.postMessage({message:\"ready\",secret:t},\"*\")},!1)))}(window,document);\n\/\/# sourceURL=https:\/\/sergiolapegue.com\/site\/wp-includes\/js\/wp-embed.min.js\n\/* ]]> *\/\n<\/script>\n","thumbnail_url":"https:\/\/sergiolapegue.com\/site\/wp-content\/uploads\/2025\/04\/La-noche-del-16-enero.jpeg","thumbnail_width":300,"thumbnail_height":300,"description":"Desde el 5 de abril en la Sala Cort\u00e1zar del Paseo La Plaza, se podr\u00e1 ver el reestreno de \u201cLa noche del 16 de enero\u201d, sobre el texto de Alissa Zinovievna Rosenbaum (m\u00e1s conocida como Ayn Rand), direcci\u00f3n de Marta C. L\u00f3pez Lecube y las actuaciones de Jorge Rom\u00e1n \u2013 Jos\u00e9 Martir\u00e9 \u2013 Marta C. [&hellip;]"}